{"id":3,"date":"2021-04-02T17:44:48","date_gmt":"2021-04-02T17:44:48","guid":{"rendered":"https:\/\/oriettahairteam.it\/?page_id=3"},"modified":"2021-04-07T15:36:36","modified_gmt":"2021-04-07T15:36:36","slug":"privacy-policy","status":"publish","type":"page","link":"https:\/\/oriettaburlon.it\/index.php\/privacy-policy\/","title":{"rendered":"Privacy Policy"},"content":{"rendered":"<p>[et_pb_section fb_built=&#8221;1&#8243; _builder_version=&#8221;4.6.6&#8243; _module_preset=&#8221;default&#8221; background_color=&#8221;#b5b5b5&#8243;][et_pb_row _builder_version=&#8221;4.6.6&#8243; _module_preset=&#8221;default&#8221;][et_pb_column type=&#8221;4_4&#8243; _builder_version=&#8221;4.6.6&#8243; _module_preset=&#8221;default&#8221;][et_pb_text _builder_version=&#8221;4.6.6&#8243; _module_preset=&#8221;default&#8221;]<\/p>\n<h1 class=\"title\"><\/h1>\n<h1 class=\"title\"><\/h1>\n<h1 class=\"title\"><\/h1>\n<h1 class=\"title\"><\/h1>\n<h1 class=\"title\"><\/h1>\n<h1 class=\"title\"><\/h1>\n<h1 class=\"title\"><\/h1>\n<h1 class=\"title\">Privacy Policy<\/h1>\n<p class=\"sub-title\">Privacy policy del sito web: www.hairteambyory.it<\/p>\n<p class=\"sub-title\">\n<p class=\"sub-title\">\n<h2>TITOLARE DEL TRATTAMENTO<\/h2>\n<div>\n<p>Hairteambyory di Orietta Burlon<\/p>\n<p>Sede Legale:<span>\u00a0San Vito Al Tagliamento, Via Savorgnano, 3 (PN)<\/span><\/p>\n<p>Indirizzo email del Titolare: info@oriettahairteam.it<\/p>\n<p>&nbsp;<\/p>\n<p>&nbsp;<\/p>\n<\/div>\n<div><\/div>\n<div><\/div>\n<h2>TIPOLOGIA DI DATI TRATTATI E FINALIT\u00c0<\/h2>\n<div>\n<p>Il sito web www.hairteambyory.itraccoglie Dati Personali degli Utenti, in modo autonomo o tramite terze parti, in particolare raccoglie:<\/p>\n<h3>&#8211; Dati generati dall\u2019accesso al sito web<\/h3>\n<p>I sistemi informatici e le procedure software preposte al funzionamento del sito web\u00a0 www.hairteambyory.it acquisiscono, nel corso del loro normale esercizio, alcuni Dati Personali la cui trasmissione \u00e8 implicita nell\u2019uso dei protocolli di comunicazione di Internet.<\/p>\n<p>Questi dati (quali ad esempio nomi di dominio, indirizzi IP, sistema operativo utilizzato, tipo di device di browser utilizzati per la connessione)<span>\u00a0<\/span><b>non sono accompagnati da alcuna informazione personale aggiuntiva<\/b><span>\u00a0<\/span>e vengono utilizzati per:<\/p>\n<ul class=\"ul-type-alf\">\n<li>ricavare informazioni statistiche anonime sull\u2019uso del sito;<\/li>\n<li>gestire esigenze di controllo delle modalit\u00e0 di utilizzo dello stesso;<\/li>\n<li>accertare responsabilit\u00e0 in caso di ipotetici reati informatici;<\/li>\n<\/ul>\n<h3>&#8211; Dati forniti volontariamente dall\u2019Utente<\/h3>\n<p>I Dati Personali forniti dall\u2019Utente tramite il sito web\u00a0 www.hairteambyory.it sono raccolti e trattati per consentire al Titolare di fornire il servizio richiesto dagli Utenti.<\/p>\n<p>I Dati Personali possono essere liberamente forniti dall&#8217;Utente o, nel caso di Dati di Utilizzo, raccolti automaticamente durante l&#8217;uso del sito web\u00a0 www.hairteambyory.it<\/p>\n<h3>&#8211; Modulo di contatto<\/h3>\n<p>L\u2019Utente, compilando con i propri Dati Personali il modulo di contatto, acconsente al loro utilizzo per rispondere alle richieste d&#8217;informazioni, o di qualunque altra natura indicata dall\u2019intestazione del modulo.<\/p>\n<p>&nbsp;<\/p>\n<p>&nbsp;<\/p>\n<\/div>\n<h2>BASE GIURIDICA<\/h2>\n<p>&nbsp;<\/p>\n<div>\n<h3><\/h3>\n<h3><\/h3>\n<h3>-Dati generati dall\u2019accesso al sito web e finalit\u00e0:<\/h3>\n<p>La base giuridica che legittima il trattamento di tali dati da parte del Titolare \u00e8 la necessit\u00e0 di rendere utilizzabili le funzionalit\u00e0 del sito web\u00a0 www.hairteambyory.it a seguito dell\u2019accesso dell\u2019Utente.<\/p>\n<h3>&#8211; Dati forniti volontariamente dall\u2019utente:<\/h3>\n<p>La base giuridica che legittima il trattamento di tali dati da parte del Titolare \u00e8 il consenso liberamente fornito dall\u2019Interessato.<\/p>\n<p>&nbsp;<\/p>\n<p>&nbsp;<\/p>\n<\/div>\n<h2>MODALIT\u00c0 DI TRATTAMENTO E TEMPO DI CONSERVAZIONE DEI DATI PERSONALI<\/h2>\n<div>\n<p>I Dati Personali raccolti saranno trattati mediante strumenti elettronici o comunque automatizzati, informatici e telematici, o mediante elaborazioni manuali con logiche strettamente correlate alle finalit\u00e0 per le quali i dati personali sono stati raccolti e, comunque, in modo da garantire in ogni caso la sicurezza dei medesimi.<\/p>\n<p>I Dati Personali sono conservati per il tempo strettamente necessario alla gestione delle finalit\u00e0 per le quali i dati stessi sono raccolti nel rispetto delle norme vigenti e degli obblighi di legge.<\/p>\n<p>A seguito della richiesta di cancellazione da parte di un Utente, tutti i Dati Personali dello stesso verranno cancellati, fatta salva l\u2019ulteriore conservazione prevista da obblighi normativi e di legge.<\/p>\n<p>In ogni caso il Titolare attua una politica di conservazione dei Dati Personali che limita il tempo di conservazione ad un massimo di due anni nel rispetto del principio di minimizzazione del trattamento dei dati.<\/p>\n<p>&nbsp;<\/p>\n<p>&nbsp;<\/p>\n<p>&nbsp;<\/p>\n<\/div>\n<h2>LUOGO DEL TRATTAMENTO<\/h2>\n<div>\n<p>I Dati Personali sono trattati presso le sedi operative del Titolare ed in ogni altro luogo in cui le parti coinvolte nel trattamento siano localizzate.<\/p>\n<p>I Dati personali saranno trattati in Italia. I Dati Personali dell\u2019Utente potrebbero essere trasferiti in un paese diverso da quello in cui l\u2019Utente si trova ma sempre all&#8217;interno di Stati dell&#8217;Unione Europea.<\/p>\n<p>Resta in ogni caso inteso che il Titolare, ove si rendesse necessario, avr\u00e0 facolt\u00e0 di spostare i server anche all&#8217;esterno di Stati dell&#8217;Unione Europea. In tal caso, il Titolare assicura sin d\u2019ora che il trasferimento dei Dati Personali extra-UE avverr\u00e0 in conformit\u00e0 alle disposizioni di legge applicabili, previa stipula delle clausole contrattuali standard previste dalla Commissione Europea.<\/p>\n<p>Per ulteriori informazioni, contatta il Titolare.<\/p>\n<p>&nbsp;<\/p>\n<p>&nbsp;<\/p>\n<p>&nbsp;<\/p>\n<\/div>\n<h2>SOGGETTI AUTORIZZATI AL TRATTAMENTO, RESPONSABILI E COMUNICAZIONE DEI DATI PERSONALI<\/h2>\n<div>\n<p>Il trattamento dei dati raccolti \u00e8 eseguito da personale interno del Titolare a tal fine individuato e autorizzato del trattamento secondo specifiche istruzioni impartite nel rispetto della normativa vigente.<\/p>\n<p>I Dati Personali raccolti, qualora sia necessario o strumentale per l\u2019esecuzione delle indicate finalit\u00e0, potranno essere trattati da terzi nominati Responsabili del Trattamento, ovvero, a seconda dei casi, comunicati agli stessi quali autonomi titolari, e precisamente:<\/p>\n<ul class=\"ul-type-alf\">\n<li>Persone fisiche, societ\u00e0, associazioni, studi professionali o enti che prestino attivit\u00e0 di assistenza e consulenza al Titolare;<\/li>\n<li>Persone fisiche, societ\u00e0, associazioni, studi professionali o enti, associazioni che svolgono servizi connessi e strumentali alla esecuzione delle finalit\u00e0 sopra indicate (servizio di analisi e ricerche di mercato, manutenzione dei sistemi informatici);<\/li>\n<li>Societ\u00e0 esterne che il Titolare utilizza per gestire, per proprio conto, i dati dell&#8217;Utente per scopi quali: analisi statistiche, servizi IT per l\u2019archiviazione dei dati e per l\u2019assistenza clienti;<\/li>\n<\/ul>\n<p>&nbsp;<\/p>\n<p>&nbsp;<\/p>\n<p>&nbsp;<\/p>\n<\/div>\n<h2>DIRITTI DELL\u2019UTENTE<\/h2>\n<div>\n<p>Ai sensi del Regolamento Europeo 679\/2016 (GDPR) e della normativa nazionale, l&#8217;Utente pu\u00f2, secondo le modalit\u00e0 e nei limiti previsti dalla vigente normativa esercitare i seguenti diritti:<\/p>\n<ul>\n<li>conoscerne l&#8217;origine;<\/li>\n<li>riceverne comunicazione intelligibile;<\/li>\n<li>avere informazioni circa la logica, le modalit\u00e0 e le finalit\u00e0 del trattamento;<\/li>\n<li>richiederne l&#8217;aggiornamento, la rettifica, l&#8217;integrazione, la cancellazione, la trasformazione in forma anonima, il blocco dei dati trattati in violazione di legge, ivi compresi quelli non pi\u00f9 necessari al perseguimento degli scopi per i quali sono stati raccolti;<\/li>\n<li>nei casi di trattamento basato su consenso, ricevere i propri dati forniti al titolare, in forma strutturata e leggibile da un elaboratore di dati e in un formato comunemente usato da un dispositivo elettronico;<\/li>\n<li>il diritto di presentare un reclamo all\u2019Autorit\u00e0 di controllo.<\/li>\n<\/ul>\n<p>&nbsp;<\/p>\n<p>&nbsp;<\/p>\n<p>&nbsp;<\/p>\n<\/div>\n<h2>COME ESERCITARE I DIRITTI DELL&#8217;UTENTE<\/h2>\n<div>Per esercitare i diritti dell\u2019Interessato, gli Utenti possono indirizzare una richiesta inviando un\u2019e-mail all\u2019indirizzo<span>\u00a0info@oriettahairteam.it<\/span><br \/>Le richieste saranno gestite dal Titolare nel pi\u00f9 breve tempo possibile, in ogni caso entro un mese.<\/div>\n<div><\/div>\n<div><\/div>\n<div><\/div>\n<div><\/div>\n<div><\/div>\n<div><\/div>\n<div><\/div>\n<div><\/div>\n<div><\/div>\n<div><\/div>\n<div><\/div>\n<div><\/div>\n<div><\/div>\n<div><\/div>\n<div><\/div>\n<div><\/div>\n<h2><\/h2>\n<p>&nbsp;<\/p>\n<p>&nbsp;<\/p>\n<p>&nbsp;<\/p>\n<p>&nbsp;<\/p>\n<p>&nbsp;<\/p>\n<h2>ALTRE INFORMAZIONI E TERMINI CHIAVE<\/h2>\n<div>\n<ul>\n<li>&#8220;<b>Dati Personali<\/b>&#8221; qualsiasi informazione riguardante una persona fisica identificata o identificabile (\u00abinteressato\u00bb); con particolare riferimento a un identificativo come il nome, un numero di identificazione, dati relativi all\u2019ubicazione, un identificativo online o a uno o pi\u00f9 elementi caratteristici della sua identit\u00e0 fisica, fisiologica, genetica, psichica, economica, culturale o sociale;<\/li>\n<li>&#8220;<b>Utente<\/b>&#8221; l&#8217;individuo e\/o societ\u00e0 che utilizza il sito web\u00a0 www.hairteambyory.it che, salvo ove diversamente specificato, coincide con l&#8217;Interessato;<\/li>\n<li>&#8220;<b>Interessato<\/b>&#8221; la persona fisica cui si riferiscono i Dati Personali;<\/li>\n<li>&#8220;<b>Titolare del Trattamento<\/b>&#8221; la persona fisica o giuridica, l&#8217;autorit\u00e0 pubblica, il servizio o altro organismo che, singolarmente o insieme ad altri, determina le finalit\u00e0 e i mezzi del trattamento di dati personali e gli strumenti adottati, ivi comprese le misure di sicurezza relative al funzionamento ed alla fruizione di\u00a0 www.hairteambyory.it<\/li>\n<li>&#8220;<b>Responsabile del Trattamento<\/b>&#8221; la persona fisica, giuridica, la pubblica amministrazione e qualsiasi altro ente che tratta dati personali per conto del Titolare;<\/li>\n<li>&#8221; www.hairteambyory.it&#8221; lo strumento hardware o software mediante il quale sono raccolti e trattati i Dati Personali degli Utenti;<\/li>\n<\/ul>\n<p>&nbsp;<\/p>\n<p>&nbsp;<\/p>\n<p>&nbsp;<\/p>\n<\/div>\n<h2>DIFESA IN GIUDIZIO<\/h2>\n<div>\n<p>I Dati Personali dell&#8217;Interessato possono essere utilizzati da parte del Titolare in giudizio o nelle fasi preparatorie alla sua eventuale instaurazione per la difesa da abusi nell&#8217;utilizzo del sito web\u00a0 www.hairteambyory.it o dei servizi connessi da parte dell\u2019Interessato.<\/p>\n<p>L\u2019Interessato dichiara di essere consapevole che il Titolare potrebbe essere obbligato a rivelare i Dati Personali per ordine delle autorit\u00e0 pubbliche.<\/p>\n<p>&nbsp;<\/p>\n<p>&nbsp;<\/p>\n<\/div>\n<h2>MODIFICHE A QUESTA PRIVACY POLICY<\/h2>\n<div>Il Titolare del Trattamento si riserva il diritto di apportare modifiche alla presente privacy policy in qualunque momento dandone informazione agli Interessati su questa pagina e, se possibile, direttamente sul sito web www.hairteambyory.it nonch\u00e9, qualora tecnicamente e legalmente fattibile, inviando una notifica agli Interessati attraverso uno degli estremi di contatto di cui \u00e8 in possesso il Titolare. Si prega dunque di consultare regolarmente questa pagina, facendo riferimento alla data di ultima modifica indicata in fondo.<\/div>\n<p>[\/et_pb_text][\/et_pb_column][\/et_pb_row][\/et_pb_section]<\/p>\n","protected":false},"excerpt":{"rendered":"<p>[et_pb_section fb_built=&#8221;1&#8243; _builder_version=&#8221;4.6.6&#8243; _module_preset=&#8221;default&#8221; background_color=&#8221;#b5b5b5&#8243;][et_pb_row _builder_version=&#8221;4.6.6&#8243; _module_preset=&#8221;default&#8221;][et_pb_column type=&#8221;4_4&#8243; _builder_version=&#8221;4.6.6&#8243; _module_preset=&#8221;default&#8221;][et_pb_text _builder_version=&#8221;4.6.6&#8243; _module_preset=&#8221;default&#8221;] Privacy Policy Privacy policy del sito web: www.hairteambyory.it TITOLARE DEL TRATTAMENTO Hairteambyory di Orietta Burlon Sede Legale:\u00a0San Vito Al Tagliamento, Via Savorgnano, 3 (PN) Indirizzo email del Titolare: info@oriettahairteam.it &nbsp; &nbsp; TIPOLOGIA DI DATI TRATTATI E FINALIT\u00c0 Il sito web www.hairteambyory.itraccoglie Dati Personali [&hellip;]<\/p>\n","protected":false},"author":1,"featured_media":0,"parent":0,"menu_order":0,"comment_status":"closed","ping_status":"open","template":"","meta":{"_et_pb_use_builder":"on","_et_pb_old_content":"<!-- wp:heading -->\n<h2>Who we are<\/h2>\n<!-- \/wp:heading -->\n\n<!-- wp:paragraph -->\n<p><strong class=\"privacy-policy-tutorial\">Suggested text: <\/strong>Our website address is: https:\/\/oriettahairteam.it.<\/p>\n<!-- \/wp:paragraph -->\n\n<!-- wp:heading -->\n<h2>Comments<\/h2>\n<!-- \/wp:heading -->\n\n<!-- wp:paragraph -->\n<p><strong class=\"privacy-policy-tutorial\">Suggested text: <\/strong>When visitors leave comments on the site we collect the data shown in the comments form, and also the visitor\u2019s IP address and browser user agent string to help spam detection.<\/p>\n<!-- \/wp:paragraph -->\n\n<!-- wp:paragraph -->\n<p>An anonymized string created from your email address (also called a hash) may be provided to the Gravatar service to see if you are using it. The Gravatar service privacy policy is available here: https:\/\/automattic.com\/privacy\/. After approval of your comment, your profile picture is visible to the public in the context of your comment.<\/p>\n<!-- \/wp:paragraph -->\n\n<!-- wp:heading -->\n<h2>Media<\/h2>\n<!-- \/wp:heading -->\n\n<!-- wp:paragraph -->\n<p><strong class=\"privacy-policy-tutorial\">Suggested text: <\/strong>If you upload images to the website, you should avoid uploading images with embedded location data (EXIF GPS) included. Visitors to the website can download and extract any location data from images on the website.<\/p>\n<!-- \/wp:paragraph -->\n\n<!-- wp:heading -->\n<h2>Cookies<\/h2>\n<!-- \/wp:heading -->\n\n<!-- wp:paragraph -->\n<p><strong class=\"privacy-policy-tutorial\">Suggested text: <\/strong>If you leave a comment on our site you may opt-in to saving your name, email address and website in cookies. These are for your convenience so that you do not have to fill in your details again when you leave another comment. These cookies will last for one year.<\/p>\n<!-- \/wp:paragraph -->\n\n<!-- wp:paragraph -->\n<p>If you visit our login page, we will set a temporary cookie to determine if your browser accepts cookies. This cookie contains no personal data and is discarded when you close your browser.<\/p>\n<!-- \/wp:paragraph -->\n\n<!-- wp:paragraph -->\n<p>When you log in, we will also set up several cookies to save your login information and your screen display choices. Login cookies last for two days, and screen options cookies last for a year. If you select \"Remember Me\", your login will persist for two weeks. If you log out of your account, the login cookies will be removed.<\/p>\n<!-- \/wp:paragraph -->\n\n<!-- wp:paragraph -->\n<p>If you edit or publish an article, an additional cookie will be saved in your browser. This cookie includes no personal data and simply indicates the post ID of the article you just edited. It expires after 1 day.<\/p>\n<!-- \/wp:paragraph -->\n\n<!-- wp:heading -->\n<h2>Embedded content from other websites<\/h2>\n<!-- \/wp:heading -->\n\n<!-- wp:paragraph -->\n<p><strong class=\"privacy-policy-tutorial\">Suggested text: <\/strong>Articles on this site may include embedded content (e.g. videos, images, articles, etc.). Embedded content from other websites behaves in the exact same way as if the visitor has visited the other website.<\/p>\n<!-- \/wp:paragraph -->\n\n<!-- wp:paragraph -->\n<p>These websites may collect data about you, use cookies, embed additional third-party tracking, and monitor your interaction with that embedded content, including tracking your interaction with the embedded content if you have an account and are logged in to that website.<\/p>\n<!-- \/wp:paragraph -->\n\n<!-- wp:heading -->\n<h2>Who we share your data with<\/h2>\n<!-- \/wp:heading -->\n\n<!-- wp:paragraph -->\n<p><strong class=\"privacy-policy-tutorial\">Suggested text: <\/strong>If you request a password reset, your IP address will be included in the reset email.<\/p>\n<!-- \/wp:paragraph -->\n\n<!-- wp:heading -->\n<h2>How long we retain your data<\/h2>\n<!-- \/wp:heading -->\n\n<!-- wp:paragraph -->\n<p><strong class=\"privacy-policy-tutorial\">Suggested text: <\/strong>If you leave a comment, the comment and its metadata are retained indefinitely. This is so we can recognize and approve any follow-up comments automatically instead of holding them in a moderation queue.<\/p>\n<!-- \/wp:paragraph -->\n\n<!-- wp:paragraph -->\n<p>For users that register on our website (if any), we also store the personal information they provide in their user profile. All users can see, edit, or delete their personal information at any time (except they cannot change their username). Website administrators can also see and edit that information.<\/p>\n<!-- \/wp:paragraph -->\n\n<!-- wp:heading -->\n<h2>What rights you have over your data<\/h2>\n<!-- \/wp:heading -->\n\n<!-- wp:paragraph -->\n<p><strong class=\"privacy-policy-tutorial\">Suggested text: <\/strong>If you have an account on this site, or have left comments, you can request to receive an exported file of the personal data we hold about you, including any data you have provided to us. You can also request that we erase any personal data we hold about you. This does not include any data we are obliged to keep for administrative, legal, or security purposes.<\/p>\n<!-- \/wp:paragraph -->\n\n<!-- wp:heading -->\n<h2>Where we send your data<\/h2>\n<!-- \/wp:heading -->\n\n<!-- wp:paragraph -->\n<p><strong class=\"privacy-policy-tutorial\">Suggested text: <\/strong>Visitor comments may be checked through an automated spam detection service.<\/p>\n<!-- \/wp:paragraph -->","_et_gb_content_width":"","footnotes":""},"class_list":["post-3","page","type-page","status-publish","hentry"],"yoast_head":"<!-- This site is optimized with the Yoast SEO plugin v28.3 - https:\/\/yoast.com\/product\/yoast-seo-wordpress\/ -->\n<title>Privacy Policy - oriettaburlon<\/title>\n<meta name=\"robots\" content=\"index, follow, max-snippet:-1, max-image-preview:large, max-video-preview:-1\" \/>\n<link rel=\"canonical\" href=\"https:\/\/oriettaburlon.it\/index.php\/privacy-policy\/\" \/>\n<meta property=\"og:locale\" content=\"it_IT\" \/>\n<meta property=\"og:type\" content=\"article\" \/>\n<meta property=\"og:title\" content=\"Privacy Policy - oriettaburlon\" \/>\n<meta property=\"og:description\" content=\"[et_pb_section fb_built=&#8221;1&#8243; _builder_version=&#8221;4.6.6&#8243; _module_preset=&#8221;default&#8221; background_color=&#8221;#b5b5b5&#8243;][et_pb_row _builder_version=&#8221;4.6.6&#8243; _module_preset=&#8221;default&#8221;][et_pb_column type=&#8221;4_4&#8243; _builder_version=&#8221;4.6.6&#8243; _module_preset=&#8221;default&#8221;][et_pb_text _builder_version=&#8221;4.6.6&#8243; _module_preset=&#8221;default&#8221;] Privacy Policy Privacy policy del sito web: www.hairteambyory.it TITOLARE DEL TRATTAMENTO Hairteambyory di Orietta Burlon Sede Legale:\u00a0San Vito Al Tagliamento, Via Savorgnano, 3 (PN) Indirizzo email del Titolare: info@oriettahairteam.it &nbsp; &nbsp; TIPOLOGIA DI DATI TRATTATI E FINALIT\u00c0 Il sito web www.hairteambyory.itraccoglie Dati Personali [&hellip;]\" \/>\n<meta property=\"og:url\" content=\"https:\/\/oriettaburlon.it\/index.php\/privacy-policy\/\" \/>\n<meta property=\"og:site_name\" content=\"oriettaburlon\" \/>\n<meta property=\"article:modified_time\" content=\"2021-04-07T15:36:36+00:00\" \/>\n<meta name=\"twitter:card\" content=\"summary_large_image\" \/>\n<meta name=\"twitter:label1\" content=\"Tempo di lettura stimato\" \/>\n\t<meta name=\"twitter:data1\" content=\"7 minuti\" \/>\n<script type=\"application\/ld+json\" class=\"yoast-schema-graph\">{\"@context\":\"https:\\\/\\\/schema.org\",\"@graph\":[{\"@type\":\"WebPage\",\"@id\":\"https:\\\/\\\/oriettaburlon.it\\\/index.php\\\/privacy-policy\\\/\",\"url\":\"https:\\\/\\\/oriettaburlon.it\\\/index.php\\\/privacy-policy\\\/\",\"name\":\"Privacy Policy - oriettaburlon\",\"isPartOf\":{\"@id\":\"https:\\\/\\\/oriettaburlon.it\\\/#website\"},\"datePublished\":\"2021-04-02T17:44:48+00:00\",\"dateModified\":\"2021-04-07T15:36:36+00:00\",\"breadcrumb\":{\"@id\":\"https:\\\/\\\/oriettaburlon.it\\\/index.php\\\/privacy-policy\\\/#breadcrumb\"},\"inLanguage\":\"it-IT\",\"potentialAction\":[{\"@type\":\"ReadAction\",\"target\":[\"https:\\\/\\\/oriettaburlon.it\\\/index.php\\\/privacy-policy\\\/\"]}]},{\"@type\":\"BreadcrumbList\",\"@id\":\"https:\\\/\\\/oriettaburlon.it\\\/index.php\\\/privacy-policy\\\/#breadcrumb\",\"itemListElement\":[{\"@type\":\"ListItem\",\"position\":1,\"name\":\"Home\",\"item\":\"https:\\\/\\\/oriettaburlon.it\\\/\"},{\"@type\":\"ListItem\",\"position\":2,\"name\":\"Privacy Policy\"}]},{\"@type\":\"WebSite\",\"@id\":\"https:\\\/\\\/oriettaburlon.it\\\/#website\",\"url\":\"https:\\\/\\\/oriettaburlon.it\\\/\",\"name\":\"oriettaburlon\",\"description\":\"parrucchieri per missione...\",\"potentialAction\":[{\"@type\":\"SearchAction\",\"target\":{\"@type\":\"EntryPoint\",\"urlTemplate\":\"https:\\\/\\\/oriettaburlon.it\\\/?s={search_term_string}\"},\"query-input\":{\"@type\":\"PropertyValueSpecification\",\"valueRequired\":true,\"valueName\":\"search_term_string\"}}],\"inLanguage\":\"it-IT\"}]}<\/script>\n<!-- \/ Yoast SEO plugin. -->","yoast_head_json":{"title":"Privacy Policy - oriettaburlon","robots":{"index":"index","follow":"follow","max-snippet":"max-snippet:-1","max-image-preview":"max-image-preview:large","max-video-preview":"max-video-preview:-1"},"canonical":"https:\/\/oriettaburlon.it\/index.php\/privacy-policy\/","og_locale":"it_IT","og_type":"article","og_title":"Privacy Policy - oriettaburlon","og_description":"[et_pb_section fb_built=&#8221;1&#8243; _builder_version=&#8221;4.6.6&#8243; _module_preset=&#8221;default&#8221; background_color=&#8221;#b5b5b5&#8243;][et_pb_row _builder_version=&#8221;4.6.6&#8243; _module_preset=&#8221;default&#8221;][et_pb_column type=&#8221;4_4&#8243; _builder_version=&#8221;4.6.6&#8243; _module_preset=&#8221;default&#8221;][et_pb_text _builder_version=&#8221;4.6.6&#8243; _module_preset=&#8221;default&#8221;] Privacy Policy Privacy policy del sito web: www.hairteambyory.it TITOLARE DEL TRATTAMENTO Hairteambyory di Orietta Burlon Sede Legale:\u00a0San Vito Al Tagliamento, Via Savorgnano, 3 (PN) Indirizzo email del Titolare: info@oriettahairteam.it &nbsp; &nbsp; TIPOLOGIA DI DATI TRATTATI E FINALIT\u00c0 Il sito web www.hairteambyory.itraccoglie Dati Personali [&hellip;]","og_url":"https:\/\/oriettaburlon.it\/index.php\/privacy-policy\/","og_site_name":"oriettaburlon","article_modified_time":"2021-04-07T15:36:36+00:00","twitter_card":"summary_large_image","twitter_misc":{"Tempo di lettura stimato":"7 minuti"},"schema":{"@context":"https:\/\/schema.org","@graph":[{"@type":"WebPage","@id":"https:\/\/oriettaburlon.it\/index.php\/privacy-policy\/","url":"https:\/\/oriettaburlon.it\/index.php\/privacy-policy\/","name":"Privacy Policy - oriettaburlon","isPartOf":{"@id":"https:\/\/oriettaburlon.it\/#website"},"datePublished":"2021-04-02T17:44:48+00:00","dateModified":"2021-04-07T15:36:36+00:00","breadcrumb":{"@id":"https:\/\/oriettaburlon.it\/index.php\/privacy-policy\/#breadcrumb"},"inLanguage":"it-IT","potentialAction":[{"@type":"ReadAction","target":["https:\/\/oriettaburlon.it\/index.php\/privacy-policy\/"]}]},{"@type":"BreadcrumbList","@id":"https:\/\/oriettaburlon.it\/index.php\/privacy-policy\/#breadcrumb","itemListElement":[{"@type":"ListItem","position":1,"name":"Home","item":"https:\/\/oriettaburlon.it\/"},{"@type":"ListItem","position":2,"name":"Privacy Policy"}]},{"@type":"WebSite","@id":"https:\/\/oriettaburlon.it\/#website","url":"https:\/\/oriettaburlon.it\/","name":"oriettaburlon","description":"parrucchieri per missione...","potentialAction":[{"@type":"SearchAction","target":{"@type":"EntryPoint","urlTemplate":"https:\/\/oriettaburlon.it\/?s={search_term_string}"},"query-input":{"@type":"PropertyValueSpecification","valueRequired":true,"valueName":"search_term_string"}}],"inLanguage":"it-IT"}]}},"_links":{"self":[{"href":"https:\/\/oriettaburlon.it\/index.php\/wp-json\/wp\/v2\/pages\/3","targetHints":{"allow":["GET"]}}],"collection":[{"href":"https:\/\/oriettaburlon.it\/index.php\/wp-json\/wp\/v2\/pages"}],"about":[{"href":"https:\/\/oriettaburlon.it\/index.php\/wp-json\/wp\/v2\/types\/page"}],"author":[{"embeddable":true,"href":"https:\/\/oriettaburlon.it\/index.php\/wp-json\/wp\/v2\/users\/1"}],"replies":[{"embeddable":true,"href":"https:\/\/oriettaburlon.it\/index.php\/wp-json\/wp\/v2\/comments?post=3"}],"version-history":[{"count":3,"href":"https:\/\/oriettaburlon.it\/index.php\/wp-json\/wp\/v2\/pages\/3\/revisions"}],"predecessor-version":[{"id":77,"href":"https:\/\/oriettaburlon.it\/index.php\/wp-json\/wp\/v2\/pages\/3\/revisions\/77"}],"wp:attachment":[{"href":"https:\/\/oriettaburlon.it\/index.php\/wp-json\/wp\/v2\/media?parent=3"}],"curies":[{"name":"wp","href":"https:\/\/api.w.org\/{rel}","templated":true}]}}